{"id":2224,"date":"2025-01-03T15:09:28","date_gmt":"2025-01-03T14:09:28","guid":{"rendered":"https:\/\/andorrataxileandro.com\/?page_id=2224"},"modified":"2026-01-22T08:54:43","modified_gmt":"2026-01-22T07:54:43","slug":"contacto-taxi-leandro","status":"publish","type":"page","link":"https:\/\/andorrataxileandro.com\/ca\/contacto-taxi-leandro\/","title":{"rendered":"Contacte"},"content":{"rendered":"<div data-elementor-type=\"wp-page\" data-elementor-id=\"2224\" class=\"elementor elementor-2224\" data-elementor-post-type=\"page\">\n\t\t\t\t<div class=\"elementor-element elementor-element-e885a87 e-flex e-con-boxed e-con e-parent\" data-id=\"e885a87\" data-element_type=\"container\" data-settings=\"{&quot;background_background&quot;:&quot;slideshow&quot;,&quot;background_slideshow_gallery&quot;:[{&quot;id&quot;:2228,&quot;url&quot;:&quot;http:\\\/\\\/andorrataxileandro.com\\\/wp-content\\\/uploads\\\/2025\\\/01\\\/2.jpg&quot;},{&quot;id&quot;:2227,&quot;url&quot;:&quot;http:\\\/\\\/andorrataxileandro.com\\\/wp-content\\\/uploads\\\/2025\\\/01\\\/3.jpg&quot;},{&quot;id&quot;:2226,&quot;url&quot;:&quot;http:\\\/\\\/andorrataxileandro.com\\\/wp-content\\\/uploads\\\/2025\\\/01\\\/4.jpg&quot;},{&quot;id&quot;:2225,&quot;url&quot;:&quot;http:\\\/\\\/andorrataxileandro.com\\\/wp-content\\\/uploads\\\/2025\\\/01\\\/5.jpg&quot;},{&quot;id&quot;:2185,&quot;url&quot;:&quot;http:\\\/\\\/andorrataxileandro.com\\\/wp-content\\\/uploads\\\/2025\\\/01\\\/Untitled-design-50.jpg&quot;}],&quot;background_slideshow_slide_duration&quot;:3000,&quot;background_slideshow_transition_duration&quot;:300,&quot;background_slideshow_loop&quot;:&quot;yes&quot;,&quot;background_slideshow_slide_transition&quot;:&quot;fade&quot;}\">\n\t\t\t\t\t<div class=\"e-con-inner\">\n\t\t\t\t<div class=\"elementor-element elementor-element-7338412 elementor-widget elementor-widget-heading\" data-id=\"7338412\" data-element_type=\"widget\" data-widget_type=\"heading.default\">\n\t\t\t\t<div class=\"elementor-widget-container\">\n\t\t\t\t\t<h2 class=\"elementor-heading-title elementor-size-default\">Contacte Taxi Leandro | Servei R\u00e0pid a Andorra 24\/7<\/h2>\t\t\t\t<\/div>\n\t\t\t\t<\/div>\n\t\t\t\t\t<\/div>\n\t\t\t\t<\/div>\n\t\t<div class=\"elementor-element elementor-element-0270749 e-flex e-con-boxed e-con e-parent\" data-id=\"0270749\" data-element_type=\"container\">\n\t\t\t\t\t<div class=\"e-con-inner\">\n\t\t<div class=\"elementor-element elementor-element-8132e51 e-con-full animated-slow e-flex elementor-invisible e-con e-child\" data-id=\"8132e51\" data-element_type=\"container\" data-settings=\"{&quot;animation&quot;:&quot;fadeInLeft&quot;,&quot;animation_delay&quot;:200}\">\n\t\t\t\t<div class=\"elementor-element elementor-element-2b23c66 elementor-widget elementor-widget-heading\" data-id=\"2b23c66\" data-element_type=\"widget\" data-widget_type=\"heading.default\">\n\t\t\t\t<div class=\"elementor-widget-container\">\n\t\t\t\t\t<h1 class=\"elementor-heading-title elementor-size-default\">Contacte | Reserva La teva Taxi a Andorra amb Taxi Leandro<\/h1>\t\t\t\t<\/div>\n\t\t\t\t<\/div>\n\t\t\t\t<\/div>\n\t\t<div class=\"elementor-element elementor-element-47c93a3 e-con-full animated-slow e-flex elementor-invisible e-con e-child\" data-id=\"47c93a3\" data-element_type=\"container\" data-settings=\"{&quot;animation&quot;:&quot;fadeInRight&quot;,&quot;animation_delay&quot;:350}\">\n\t\t\t\t<div class=\"elementor-element elementor-element-c2ca362 elementor-widget elementor-widget-text-editor\" data-id=\"c2ca362\" data-element_type=\"widget\" data-widget_type=\"text-editor.default\">\n\t\t\t\t<div class=\"elementor-widget-container\">\n\t\t\t\t\t\t\t\t\t<p class=\"p1\"><span style=\"color: #000000;\">Teniu alguna consulta o voleu reservar el vostre taxi a Andorra? Estem disponibles les 24 hores del dia per ajudar amb totes les seves necessitats de transport. Podeu contactar-nos de manera f\u00e0cil i r\u00e0pida a trav\u00e9s de WhatsApp o utilitzant el nostre formulari de contacte. Taxi Leandro es compromet a oferir-vos un servei r\u00e0pid, fiable i personalitzat.<\/span><\/p>\t\t\t\t\t\t\t\t<\/div>\n\t\t\t\t<\/div>\n\t\t\t\t<div class=\"elementor-element elementor-element-8605404 elementor-widget elementor-widget-button\" data-id=\"8605404\" data-element_type=\"widget\" data-widget_type=\"button.default\">\n\t\t\t\t<div class=\"elementor-widget-container\">\n\t\t\t\t\t\t\t\t\t<div class=\"elementor-button-wrapper\">\n\t\t\t\t\t<a class=\"elementor-button elementor-button-link elementor-size-sm\" href=\"#\">\n\t\t\t\t\t\t<span class=\"elementor-button-content-wrapper\">\n\t\t\t\t\t\t\t\t\t<span class=\"elementor-button-text\">Feu clic al bot\u00f3 de WhatsApp per parlar amb nosaltres directament o completeu el formulari per a la vostra reserva!<\/span>\n\t\t\t\t\t<\/span>\n\t\t\t\t\t<\/a>\n\t\t\t\t<\/div>\n\t\t\t\t\t\t\t\t<\/div>\n\t\t\t\t<\/div>\n\t\t\t\t<\/div>\n\t\t\t\t\t<\/div>\n\t\t\t\t<\/div>\n\t\t<div class=\"elementor-element elementor-element-c2fb7fd animated-slow e-flex e-con-boxed elementor-invisible e-con e-parent\" data-id=\"c2fb7fd\" data-element_type=\"container\" data-settings=\"{&quot;animation&quot;:&quot;fadeIn&quot;,&quot;animation_delay&quot;:300}\">\n\t\t\t\t\t<div class=\"e-con-inner\">\n\t\t<div class=\"elementor-element elementor-element-03b2fd3 e-con-full e-flex e-con e-child\" data-id=\"03b2fd3\" data-element_type=\"container\">\n\t\t\t\t<div class=\"elementor-element elementor-element-314678a elementor-widget elementor-widget-heading\" data-id=\"314678a\" data-element_type=\"widget\" data-widget_type=\"heading.default\">\n\t\t\t\t<div class=\"elementor-widget-container\">\n\t\t\t\t\t<h2 class=\"elementor-heading-title elementor-size-default\">Formulari de contacte | Reserva la teva Taxi a Andorra <\/h2>\t\t\t\t<\/div>\n\t\t\t\t<\/div>\n\t\t\t\t<div class=\"elementor-element elementor-element-b9dcd94 elementor-widget elementor-widget-text-editor\" data-id=\"b9dcd94\" data-element_type=\"widget\" data-widget_type=\"text-editor.default\">\n\t\t\t\t<div class=\"elementor-widget-container\">\n\t\t\t\t\t\t\t\t\t<p class=\"p1\"><span style=\"color: #000000;\">Completeu el formulari a continuaci\u00f3 amb la vostra informaci\u00f3 i detalls del servei que necessiteu.<\/span><\/p>\t\t\t\t\t\t\t\t<\/div>\n\t\t\t\t<\/div>\n\t\t\t\t<div class=\"elementor-element elementor-element-89f41b2 elementor-button-align-stretch elementor-widget elementor-widget-form\" data-id=\"89f41b2\" data-element_type=\"widget\" data-settings=\"{&quot;step_next_label&quot;:&quot;Siguiente&quot;,&quot;step_previous_label&quot;:&quot;Anterior&quot;,&quot;button_width&quot;:&quot;100&quot;,&quot;step_type&quot;:&quot;number_text&quot;,&quot;step_icon_shape&quot;:&quot;circle&quot;}\" data-widget_type=\"form.default\">\n\t\t\t\t<div class=\"elementor-widget-container\">\n\t\t\t\t\t\t\t<form class=\"elementor-form\" method=\"post\" name=\"Nuevo formulario\" aria-label=\"Nou formulari\" action=\"\">\n\t\t\t<input type=\"hidden\" name=\"post_id\" value=\"2224\"\/>\n\t\t\t<input type=\"hidden\" name=\"form_id\" value=\"89f41b2\"\/>\n\t\t\t<input type=\"hidden\" name=\"referer_title\" value=\"Contacto Taxi en Andorra 24\/7 | Taxi Leandro\" \/>\n\n\t\t\t\t\t\t\t<input type=\"hidden\" name=\"queried_id\" value=\"2224\"\/>\n\t\t\t\n\t\t\t<div class=\"elementor-form-fields-wrapper elementor-labels-\">\n\t\t\t\t\t\t\t\t<div class=\"elementor-field-type-text elementor-field-group elementor-column elementor-field-group-name elementor-col-33 elementor-field-required\">\n\t\t\t\t\t\t\t\t\t\t\t\t<label for=\"form-field-name\" class=\"elementor-field-label elementor-screen-only\">\n\t\t\t\t\t\t\t\tNom\t\t\t\t\t\t\t<\/label>\n\t\t\t\t\t\t\t\t\t\t\t\t\t\t<input size=\"1\" type=\"text\" name=\"form_fields[name]\" id=\"form-field-name\" class=\"elementor-field elementor-size-sm  elementor-field-textual\" placeholder=\"Nom\" required=\"required\">\n\t\t\t\t\t\t\t\t\t\t\t<\/div>\n\t\t\t\t\t\t\t\t<div class=\"elementor-field-type-tel elementor-field-group elementor-column elementor-field-group-tel elementor-col-33 elementor-field-required\">\n\t\t\t\t\t\t\t\t\t\t\t\t<label for=\"form-field-tel\" class=\"elementor-field-label elementor-screen-only\">\n\t\t\t\t\t\t\t\tTel\u00e8fon\t\t\t\t\t\t\t<\/label>\n\t\t\t\t\t\t\t\t<input size=\"1\" type=\"tel\" name=\"form_fields[tel]\" id=\"form-field-tel\" class=\"elementor-field elementor-size-sm  elementor-field-textual\" placeholder=\"Tel\u00e8fon\" required=\"required\" pattern=\"[0-9()#&amp;+*-=.]+\" title=\"Nom\u00e9s s&#039;accepten n\u00fameros i car\u00e0cters telef\u00f2nics (#, -, *, etc.).\" data-no-translation-title=\"\">\n\n\t\t\t\t\t\t<\/div>\n\t\t\t\t\t\t\t\t<div class=\"elementor-field-type-email elementor-field-group elementor-column elementor-field-group-field_0f64377 elementor-col-33 elementor-field-required\">\n\t\t\t\t\t\t\t\t\t\t\t\t<label for=\"form-field-field_0f64377\" class=\"elementor-field-label elementor-screen-only\">\n\t\t\t\t\t\t\t\tCorreu electr\u00f2nic\t\t\t\t\t\t\t<\/label>\n\t\t\t\t\t\t\t\t\t\t\t\t\t\t<input size=\"1\" type=\"email\" name=\"form_fields[field_0f64377]\" id=\"form-field-field_0f64377\" class=\"elementor-field elementor-size-sm  elementor-field-textual\" placeholder=\"Correu electr\u00f2nic\" required=\"required\">\n\t\t\t\t\t\t\t\t\t\t\t<\/div>\n\t\t\t\t\t\t\t\t<div class=\"elementor-field-type-textarea elementor-field-group elementor-column elementor-field-group-message elementor-col-100 elementor-field-required\">\n\t\t\t\t\t\t\t\t\t\t\t\t<label for=\"form-field-message\" class=\"elementor-field-label elementor-screen-only\">\n\t\t\t\t\t\t\t\tMissatge\t\t\t\t\t\t\t<\/label>\n\t\t\t\t\t\t<textarea class=\"elementor-field-textual elementor-field  elementor-size-sm\" name=\"form_fields[message]\" id=\"form-field-message\" rows=\"4\" placeholder=\"Missatge\" required=\"required\"><\/textarea>\t\t\t\t<\/div>\n\t\t\t\t\t\t\t\t<div class=\"elementor-field-type-acceptance elementor-field-group elementor-column elementor-field-group-field_38edcca elementor-col-100\">\n\t\t\t\t\t\t\t<div class=\"elementor-field-subgroup\">\n\t\t\t<span class=\"elementor-field-option\">\n\t\t\t\t<input type=\"checkbox\" name=\"form_fields[field_38edcca]\" id=\"form-field-field_38edcca\" class=\"elementor-field elementor-size-sm  elementor-acceptance-field\">\n\t\t\t\t<label for=\"form-field-field_38edcca\">En enviar aquest formulari o iniciar una conversa per WhatsApp, confirma que ha llegit i accepta la nostra <a href=\"https:\/\/andorrataxileandro.com\/ca\/politica-de-privacidad\/\" target=\"_blank\">Pol\u00edtica de Privadesa<\/a> i <a href=\"https:\/\/andorrataxileandro.com\/ca\/politica-de-cookies\/\" target=\"_blank\">Pol\u00edtica de Cookies<\/a>.<\/label>\t\t\t<\/span>\n\t\t<\/div>\n\t\t\t\t\t\t<\/div>\n\t\t\t\t\t\t\t\t<div class=\"elementor-field-type-recaptcha_v3 elementor-field-group elementor-column elementor-field-group-field_28c60ee elementor-col-100 recaptcha_v3-inline\">\n\t\t\t\t\t<div class=\"elementor-field\" id=\"form-field-field_28c60ee\"><div class=\"elementor-g-recaptcha\" data-sitekey=\"6LdJc7QqAAAAAHFl32fzfGXzyt2F5qqVVW298qgW\" data-type=\"v3\" data-action=\"Form\" data-badge=\"inline\" data-size=\"invisible\"><\/div><\/div>\t\t\t\t<\/div>\n\t\t\t\t\t\t\t\t<div class=\"elementor-field-group elementor-column elementor-field-type-submit elementor-col-100 e-form__buttons\">\n\t\t\t\t\t<button class=\"elementor-button elementor-size-sm\" type=\"submit\">\n\t\t\t\t\t\t<span class=\"elementor-button-content-wrapper\">\n\t\t\t\t\t\t\t\t\t\t\t\t\t\t\t\t\t\t\t\t\t\t<span class=\"elementor-button-text\">Enviar<\/span>\n\t\t\t\t\t\t\t\t\t\t\t\t\t<\/span>\n\t\t\t\t\t<\/button>\n\t\t\t\t<\/div>\n\t\t\t<\/div>\n\t\t<input type=\"hidden\" name=\"trp-form-language\" value=\"ca\"\/><\/form>\n\t\t\t\t\t\t<\/div>\n\t\t\t\t<\/div>\n\t\t\t\t<\/div>\n\t\t\t\t\t<\/div>\n\t\t\t\t<\/div>\n\t\t\t\t<section class=\"elementor-section elementor-top-section elementor-element elementor-element-48d539a elementor-section-stretched elementor-section-full_width elementor-section-height-default elementor-section-height-default\" data-id=\"48d539a\" data-element_type=\"section\" id=\"servicios\" data-settings=\"{&quot;stretch_section&quot;:&quot;section-stretched&quot;}\">\n\t\t\t\t\t\t<div class=\"elementor-container elementor-column-gap-no\">\n\t\t\t\t\t<div class=\"elementor-column elementor-col-100 elementor-top-column elementor-element elementor-element-5fb2f768\" data-id=\"5fb2f768\" data-element_type=\"column\">\n\t\t\t<div class=\"elementor-widget-wrap elementor-element-populated\">\n\t\t\t\t\t\t<div class=\"elementor-element elementor-element-5b6095ca elementor-widget elementor-widget-conexi_service_icon\" data-id=\"5b6095ca\" data-element_type=\"widget\" data-widget_type=\"conexi_service_icon.default\">\n\t\t\t\t<div class=\"elementor-widget-container\">\n\t\t\t\t\t\t\t\n\t\t\n\t\t<section class=\"feature-style-one thm-black-bg\">\n            <img decoding=\"async\" data-src=\"https:\/\/old3.commonsupport.com\/wp\/conexi\/wp-content\/uploads\/2020\/04\/feature-bg-1-1.png\" alt=\"Image\" class=\"feature-bg lazyload\" src=\"data:image\/gif;base64,R0lGODlhAQABAAAAACH5BAEKAAEALAAAAAABAAEAAAICTAEAOw==\" \/><noscript><img decoding=\"async\" src=\"https:\/\/old3.commonsupport.com\/wp\/conexi\/wp-content\/uploads\/2020\/04\/feature-bg-1-1.png\" alt=\"Image\" class=\"feature-bg\" \/><\/noscript>\n            <div class=\"container\">\n                <div class=\"block-title text-center\">\n                    <div class=\"dot-line\"><\/div><!-- \/.dot-line -->\n                    <p>Disponibilitat 24\/7 per a totes les vostres necessitats.<\/p>\n                    <h2 class=\"light\">Per qu\u00e8 Triar Taxi Leandro a Andorra?<\/h2>\n                <\/div><!-- \/.block-title text-center -->\n                <div class=\"row\">\n\t\t\t\t\n\t\t\t\t\t\t\t\t\t\n                    <div class=\"col-lg-4\">\n                        <div class=\"single-feature-one\">\n                            <div class=\"icon-block\">\n                                <i class=\"icon conexi-icon-insurance\"><\/i>\n                            <\/div><!-- \/.icon-block -->\n                            <h3><a href=\"\">Cobertura total<\/a><\/h3>\n                            <p>Cobertura total a les 7 parr\u00f2quies d&#039;Andorra.<\/p>\n                            <a href=\"\" class=\"more-link\"><\/a>\n                        <\/div><!-- \/.single-feature-one -->\n                    <\/div><!-- \/.col-lg-4 -->\n\t\t\t\t\t\n\t\t\t\t\t\t\t\t\t\n                    <div class=\"col-lg-4\">\n                        <div class=\"single-feature-one\">\n                            <div class=\"icon-block\">\n                                <i class=\"icon conexi-icon-seatbelt\"><\/i>\n                            <\/div><!-- \/.icon-block -->\n                            <h3><a href=\"\">Servei \u00fanic<\/a><\/h3>\n                            <p>Servei r\u00e0pid, segur i assequible per a turistes i residents.<\/p>\n                            <a href=\"\" class=\"more-link\"><\/a>\n                        <\/div><!-- \/.single-feature-one -->\n                    <\/div><!-- \/.col-lg-4 -->\n\t\t\t\t\t\n\t\t\t\t\t\t\t\t\t\n                    <div class=\"col-lg-4\">\n                        <div class=\"single-feature-one\">\n                            <div class=\"icon-block\">\n                                <i class=\"icon conexi-icon-consent\"><\/i>\n                            <\/div><!-- \/.icon-block -->\n                            <h3><a href=\"\">Reserva immediata<\/a><\/h3>\n                            <p>Reserves f\u00e0cils i directes a trav\u00e9s de WhatsApp.<\/p>\n                            <a href=\"\" class=\"more-link\"><\/a>\n                        <\/div><!-- \/.single-feature-one -->\n                    <\/div><!-- \/.col-lg-4 -->\n\t\t\t\t\t\n\t\t\t\t\t\t\t\t\t\n                    <div class=\"col-lg-4\">\n                        <div class=\"single-feature-one\">\n                            <div class=\"icon-block\">\n                                <i class=\"icon conexi-icon-taxi\"><\/i>\n                            <\/div><!-- \/.icon-block -->\n                            <h3><a href=\"\">Trasllats a hotels i aeroports<\/a><\/h3>\n                            <p>Arribeu a la vostra destinaci\u00f3 amb comoditat i puntualitat.<\/p>\n                            <a href=\"\" class=\"more-link\"><\/a>\n                        <\/div><!-- \/.single-feature-one -->\n                    <\/div><!-- \/.col-lg-4 -->\n\t\t\t\t\t\n\t\t\t\t\t\t\t\t\t\n                    <div class=\"col-lg-4\">\n                        <div class=\"single-feature-one\">\n                            <div class=\"icon-block\">\n                                <i class=\"icon conexi-icon-small-calendar\"><\/i>\n                            <\/div><!-- \/.icon-block -->\n                            <h3><a href=\"\">Recorreguts tur\u00edstics<\/a><\/h3>\n                            <p>Exploreu la bellesa d&#039;Andorra amb Taxi Leandro.<\/p>\n                            <a href=\"\" class=\"more-link\"><\/a>\n                        <\/div><!-- \/.single-feature-one -->\n                    <\/div><!-- \/.col-lg-4 -->\n\t\t\t\t\t\n\t\t\t\t\t\t\t\t\t\n                    <div class=\"col-lg-4\">\n                        <div class=\"single-feature-one\">\n                            <div class=\"icon-block\">\n                                <i class=\"icon conexi-icon-happy\"><\/i>\n                            <\/div><!-- \/.icon-block -->\n                            <h3><a href=\"\">Transports personalitzats<\/a><\/h3>\n                            <p>Serveis adaptats a grups o clients individuals.<\/p>\n                            <a href=\"\" class=\"more-link\"><\/a>\n                        <\/div><!-- \/.single-feature-one -->\n                    <\/div><!-- \/.col-lg-4 -->\n\t\t\t\t\t\n\t\t\t\t\t\t\t\t\t\t\n                <\/div><!-- \/.row -->\n            <\/div><!-- \/.container -->\n        <\/section><!-- \/.feature-style-one -->\n                   \n                \n\t\t\t\t\t\t<\/div>\n\t\t\t\t<\/div>\n\t\t\t\t\t<\/div>\n\t\t<\/div>\n\t\t\t\t\t<\/div>\n\t\t<\/section>\n\t\t\t\t<section class=\"elementor-section elementor-top-section elementor-element elementor-element-6470e6ec elementor-section-stretched elementor-section-full_width elementor-section-height-default elementor-section-height-default\" data-id=\"6470e6ec\" data-element_type=\"section\" id=\"tarifas\" data-settings=\"{&quot;stretch_section&quot;:&quot;section-stretched&quot;}\">\n\t\t\t\t\t\t<div class=\"elementor-container elementor-column-gap-no\">\n\t\t\t\t\t<div class=\"elementor-column elementor-col-100 elementor-top-column elementor-element elementor-element-6394a553\" data-id=\"6394a553\" data-element_type=\"column\">\n\t\t\t<div class=\"elementor-widget-wrap elementor-element-populated\">\n\t\t\t\t\t\t<div class=\"elementor-element elementor-element-9103384 elementor-widget__width-inherit elementor-widget elementor-widget-conexi_taxi_fare\" data-id=\"9103384\" data-element_type=\"widget\" data-widget_type=\"conexi_taxi_fare.default\">\n\t\t\t\t<div class=\"elementor-widget-container\">\n\t\t\t\t\t\t\t\n\t\t\n\t\t<section class=\"taxi-fare-one\">\n            <div class=\"container\">\n                <div class=\"block-title text-center\">\n                    <div class=\"dot-line\"><\/div><!-- \/.dot-line -->\n                    <p>Taxi Leandro<\/p>\n                    <h2>Les nostres tarifes<\/h2>\n                <\/div><!-- \/.block-title -->\n                <div class=\"row\">\n\t\t\t\t\n\t\t\t\t\t\t\t\t\t\n                    <div class=\"col-lg-12\">\n                        <div class=\"single-taxi-fare-one thm-base-bg hvr-float-shadow\">\n                            <div class=\"top-block\">\n                                <div class=\"icon-block\">\n                                    <i class=\"conexi-icon-taxi\"><\/i>\n                                <\/div><!-- \/.icon-block -->\n                                <div class=\"text-block\">\n                                    <h3>Tarifes Taxi<\/h3>\n                                    <p>Preus oficials d&#039;un taxi a Andorra - Tipus de tarifes, suplements aplicables i condicions <\/p>\n                                <\/div><!-- \/.text-block -->\n                            <\/div><!-- \/.top-block -->\n                            <ul class=\"features-list\">\n                                \t\t\t\t\t\t\t\t\t\t\t\t\t\t\t\t                                <li>\t\t\t\t\t\t\t\t\t\t\t\t\t\t\t\t                                    <div class=\"name-line\">Tarifa 1 - Horari dies laborables di\u00fcrns de 7 a 21 hores<\/div><!-- \/.name-line -->\t\t\t\t\t\t\t\t\t\t\t\t\t\t\t\t                                    <div class=\"price-line\">1.35\u20ac\/km<\/div><!-- \/.price-line -->\t\t\t\t\t\t\t\t\t\t\t\t\t\t\t\t                                <\/li>\t\t\t\t\t\t\t\t\t\t\t\t\t\t\t\t                                <li>\t\t\t\t\t\t\t\t\t\t\t\t\t\t\t\t                                    <div class=\"name-line\">Tarifa 2 - Horari nocturn dies feiners de 21.00 a 07.00 hores, Dissabtes i festius de 0 a 24 hores<\/div><!-- \/.name-line -->\t\t\t\t\t\t\t\t\t\t\t\t\t\t\t\t                                    <div class=\"price-line\"> 1.60\u20ac\/km<\/div><!-- \/.price-line -->\t\t\t\t\t\t\t\t\t\t\t\t\t\t\t\t                                <\/li>\t\t\t\t\t\t\t\t\t\t\t\t\t\t\t\t\t\t\t\t\t\t\t\t\t\t\t\t\t\t\t\t<li>\t\t\t\t\t\t\t\t\t\t\t\t\t\t\t\t                                    <div class=\"name-line\">En tots els casos - Baixada de bandera<\/div><!-- \/.name-line -->\t\t\t\t\t\t\t\t\t\t\t\t\t\t\t\t                                    <div class=\"price-line\">3.10\u20ac<\/div><!-- \/.price-line -->\t\t\t\t\t\t\t\t\t\t\t\t\t\t\t\t                                <\/li>\t\t\t\t\t\t\t\t\t\t\t\t\t\t\t\t\t\t\t\t\t\t\t\t\t\t\t\t\t\t\t\t<li>\t\t\t\t\t\t\t\t\t\t\t\t\t\t\t\t                                    <div class=\"name-line\">En tots els casos - Hora d&#039;espera<\/div><!-- \/.name-line -->\t\t\t\t\t\t\t\t\t\t\t\t\t\t\t\t                                    <div class=\"price-line\"> 22.00\u20ac <\/div><!-- \/.price-line -->\t\t\t\t\t\t\t\t\t\t\t\t\t\t\t\t                                <\/li>\t\t\t\t\t\t\t\t\t\t\t\t\t\t\t\t\t\t\t\t\t\t\t\t\t\t\t\t\t\t\t\t<li>\t\t\t\t\t\t\t\t\t\t\t\t\t\t\t\t                                    <div class=\"name-line\">Sortida del Principat d\u00b4Andorra<\/div><!-- \/.name-line -->\t\t\t\t\t\t\t\t\t\t\t\t\t\t\t\t                                    <div class=\"price-line\"> 0.70\u20ac <\/div><!-- \/.price-line -->\t\t\t\t\t\t\t\t\t\t\t\t\t\t\t\t                                <\/li><\/br>\t\t\t\t\t\t\t\t\t\t\t\t\t\t\t\t\t\t\t\t\t\t\t\t\t\t\t\t\t\t\t\t<li>\t\t\t\t\t\t\t\t\t\t\t\t\t\t\t\t                                    <div class=\"name-line\">SUPLEMENTS<\/div><!-- \/.name-line -->\t\t\t\t\t\t\t\t\t\t\t\t\t\t\t\t                                    \t\t\t\t\t\t\t\t\t\t\t\t\t\t\t\t                                <\/li><\/br>\t\t\t\t\t\t\t\t\t\t\t\t\t\t\t\t\t\t\t\t\t\t\t\t\t\t\t\t\t\t\t\t<li>\t\t\t\t\t\t\t\t\t\t\t\t\t\t\t\t                                    <div class=\"name-line\">Per cada bony, maleta, esqu\u00eds o bossa igual o superior a 55x35x35cm<\/div><!-- \/.name-line -->\t\t\t\t\t\t\t\t\t\t\t\t\t\t\t\t                                    <div class=\"price-line\"> 0.70\u20ac <\/div><!-- \/.price-line -->\t\t\t\t\t\t\t\t\t\t\t\t\t\t\t\t                                <\/li>\t\t\t\t\t\t\t\t\t\t\t\t\t\t\t\t\t\t\t\t\t\t\t\t\t\t\t\t\t\t\t\t<li>\t\t\t\t\t\t\t\t\t\t\t\t\t\t\t\t                                    <div class=\"name-line\">Menors de 55x35x35cm<\/div><!-- \/.name-line -->\t\t\t\t\t\t\t\t\t\t\t\t\t\t\t\t                                    <div class=\"price-line\"> Gratu\u00eft <\/div><!-- \/.price-line -->\t\t\t\t\t\t\t\t\t\t\t\t\t\t\t\t                                <\/li>\t\t\t\t\t\t\t\t\t\t\t\t\t\t\t\t\t\t\t\t\t\t\t\t\t\t\t\t\t\t\t\t<li>\t\t\t\t\t\t\t\t\t\t\t\t\t\t\t\t                                    <div class=\"name-line\">Suplement per trucada a la central de reserves de taxi<\/div><!-- \/.name-line -->\t\t\t\t\t\t\t\t\t\t\t\t\t\t\t\t                                    <div class=\"price-line\"> 1.20\u20ac <\/div><!-- \/.price-line -->\t\t\t\t\t\t\t\t\t\t\t\t\t\t\t\t                                <\/li>\t\t\t\t\t\t\t\t\t\t\t\t\t\t\t\t\t\t\t\t\t\t\t\t\t\t\t\t\t\t\t\t<li>\t\t\t\t\t\t\t\t\t\t\t\t\t\t\t\t                                    <div class=\"name-line\">Suplement de tarifa els dies 1 de gener, 14 de mar\u00e7, 8 de setembre i 25 de desembre de 0 a 24 hores<\/div><!-- \/.name-line -->\t\t\t\t\t\t\t\t\t\t\t\t\t\t\t\t                                    <div class=\"price-line\"> 3.40\u20ac <\/div><!-- \/.price-line -->\t\t\t\t\t\t\t\t\t\t\t\t\t\t\t\t                                <\/li>\t\t\t\t\t\t\t\t\t\t\t\t\t\t\t\t\t\t\t\t\t\t\t\t\t\t\t\t\t\t\t\t<li>\t\t\t\t\t\t\t\t\t\t\t\t\t\t\t\t                                    <div class=\"name-line\">Suplement per transportar m\u00e9s de 4 persones<\/div><!-- \/.name-line -->\t\t\t\t\t\t\t\t\t\t\t\t\t\t\t\t                                    <div class=\"price-line\"> 1.60\u20ac <\/div><!-- \/.price-line -->\t\t\t\t\t\t\t\t\t\t\t\t\t\t\t\t                                <\/li><\/br>\t\t\t\t\t\t\t\t\t\t\t\t\t\t\t\t\t\t\t\t\t\t\t\t\t\t\t\t\t\t\t\t<li>\t\t\t\t\t\t\t\t\t\t\t\t\t\t\t\t                                    <div class=\"name-line\">Els usuaris tenen dret a sol\u00b7licitar un rebut;<\/div><!-- \/.name-line \u2014&gt;-->\t\t\t\t\t\t\t\t\t\t\t\t\t\t\t\t                                <\/li>\t\t\t\t\t\t\t\t\t\t\t\t\t\t\t\t<li>\t\t\t\t\t\t\t\t\t\t\t\t\t\t\t\t                                    <div class=\"name-line\">Els usuaris tenen a la seva disposici\u00f3 un llibre de reclamacions;<\/div><!-- \/.name-line \u2014&gt;-->\t\t\t\t\t\t\t\t\t\t\t\t\t\t\t\t                                <\/li>\t\t\t\t\t\t\t\t\t\t\t\t\t\t\t\t<li>\t\t\t\t\t\t\t\t\t\t\t\t\t\t\t\t                                    <div class=\"name-line\">El passatge pel t\u00fanel d&#039;Envalira es fa a petici\u00f3 ia c\u00e0rrec de l&#039;usuari;<\/div><!-- \/.name-line \u2014&gt;-->\t\t\t\t\t\t\t\t\t\t\t\t\t\t\t\t                                <\/li>\t\t\t\t\t\t\t\t                            <\/ul><!-- \/.features-list -->\n                            <div class=\"button-block\">\n                                <a href=\"https:\/\/wa.me\/376653030\" class=\"fare-btn\">Reserva ara<\/a>\n                            <\/div><!-- \/.button-block -->\n                        <\/div><!-- \/.single-taxi-fare-one -->\n                    <\/div><!-- \/.col-lg-6 -->\n\n\t\t\t\t\t\t\t\t\t\n                    <div class=\"col-lg-12\">\n                        <div class=\"single-taxi-fare-one thm-base-bg hvr-float-shadow\">\n                            <div class=\"top-block\">\n                                <div class=\"icon-block\">\n                                    <i class=\"conexi-icon-taxi\"><\/i>\n                                <\/div><!-- \/.icon-block -->\n                                <div class=\"text-block\">\n                                    <h3>Tarifes Taxi - Localitats<\/h3>\n                                    <p>Aquests suplements no s&#039;apliquen quan les trucades telef\u00f2niques estiguin fetes directament a un taxista.<\/p>\n                                <\/div><!-- \/.text-block -->\n                            <\/div><!-- \/.top-block -->\n                            <ul class=\"features-list\">\n                                \t\t\t\t\t\t\t\t\t\t\t\t\t\t\t\t                       <li>\t\t\t\t\t\t\t\t\t\t\t\t\t\t\t\t                                    <div class=\"name-line\">Aixovall<\/div><!-- \/.name-line -->\t\t\t\t\t\t\t\t\t\t\t\t\t\t\t\t                                    <div class=\"price-line\">7.20\u20ac<\/div><!-- \/.price-line -->\t\t\t\t\t\t\t\t\t\t\t\t\t\t\t\t                                <\/li>\t\t\t\t\t\t\t\t\t\t\t\t\t\t\t\t\t\t\t\t\t\t\t\t\t\t\t\t\t\t\t\t<li>\t\t\t\t\t\t\t\t\t\t\t\t\t\t\t\t                                    <div class=\"name-line\">Encamp - La Massana - Sant Juli\u00e0 de L\u00f2ria - Sispony - Any\u00f3s - Esc\u00e0s - Les Bons<\/div><!-- \/.name-line -->\t\t\t\t\t\t\t\t\t\t\t\t\t\t\t\t                                    <div class=\"price-line\">8.50\u20ac<\/div><!-- \/.price-line -->\t\t\t\t\t\t\t\t\t\t\t\t\t\t\t\t                                <\/li>\t\t\t\t\t\t\t\t\t\t\t\t\t\t\t\t\t\t\t\t\t\t\t\t\t\t\t\t\t\t\t\t<li>\t\t\t\t\t\t\t\t\t\t\t\t\t\t\t\t                                    <div class=\"name-line\">Ordino - Sorn\u00e0s - Erts - Vila - Estany d&#039;Engolasters - l&#039;Aldosa (La Massana) - zona Borda del Sabater (Sant Juli\u00e0 de L\u00f2ria - crta. dels Cortals (Encamp)<\/div><!-- \/.name-line -->\t\t\t\t\t\t\t\t\t\t\t\t\t\t\t\t                                    <div class=\"price-line\">11.55\u20ac<\/div><!-- \/.price-line -->\t\t\t\t\t\t\t\t\t\t\t\t\t\t\t\t                                <\/li>\t\t\t\t\t\t\t\t\t\t\t\t\t\t\t\t\t\t\t\t\t\t\t\t\t\t\t\t\t\t\t\t\t\t\t\t\t\t\t\t\t\t\t\t\t\t\t\t<li>\t\t\t\t\t\t\t\t\t\t\t\t\t\t\t\t                                    <div class=\"name-line\">Auviny\u00e0 - Bixessarri - Aixirivall - Nagol - Xixerella - Ansalonga - Canillo - Pal - Meritxell - Arinsal - La Cortinada - Frontera hispanoandorrana<\/div><!-- \/.name-line -->\t\t\t\t\t\t\t\t\t\t\t\t\t\t\t\t                                    <div class=\"price-line\">15.15\u20ac<\/div><!-- \/.price-line -->\t\t\t\t\t\t\t\t\t\t\t\t\t\t\t\t                                <\/li>\t\t\t\t\t\t\t\t\t\t\t\t\t\t\t\t\t\t\t\t\t\t\t\t\t\t\t\t\t\t\t\t<li>\t\t\t\t\t\t\t\t\t\t\t\t\t\t\t\t                                    <div class=\"name-line\">La font de Comabella - Arans - Prats - Llumeneres - Certers - Juberri - l&#039;Aldosa (Canillo)<\/div><!-- \/.name-line -->\t\t\t\t\t\t\t\t\t\t\t\t\t\t\t\t                                    <div class=\"price-line\">17.20\u20ac<\/div><!-- \/.price-line -->\t\t\t\t\t\t\t\t\t\t\t\t\t\t\t\t                                <\/li>\t\t\t\t\t\t\t\t\t\t\t\t\t\t\t\t\t\t\t\t\t\t\t\t\t\t\t\t\t\t\t\t<li>\t\t\t\t\t\t\t\t\t\t\t\t\t\t\t\t                                    <div class=\"name-line\">Can\u00f2lich - Fontaneda - Llorts - pista d&#039;Arinsal - pista de Pal - el Tarter - Ransol<\/div><!-- \/.name-line -->\t\t\t\t\t\t\t\t\t\t\t\t\t\t\t\t                                    <div class=\"price-line\">19.70\u20ac<\/div><!-- \/.price-line -->\t\t\t\t\t\t\t\t\t\t\t\t\t\t\t\t                                <\/li>\t\t\t\t\t\t\t\t\t\t\t\t\t\t\t\t\t\t\t\t\t\t\t\t\t\t\t\t\t\t\t\t<li>\t\t\t\t\t\t\t\t\t\t\t\t\t\t\t\t                                    <div class=\"name-line\">El Serrat - Vall d&#039;Incles - camp d&#039;air de la Rabassa<\/div><!-- \/.name-line -->\t\t\t\t\t\t\t\t\t\t\t\t\t\t\t\t                                    <div class=\"price-line\">21.80\u20ac<\/div><!-- \/.price-line -->\t\t\t\t\t\t\t\t\t\t\t\t\t\t\t\t                                <\/li>\t\t\t\t\t\t\t\t\t\t\t\t\t\t\t\t\t\t\t\t\t\t\t\t\t\t\t\t\t\t\t\t<li>\t\t\t\t\t\t\t\t\t\t\t\t\t\t\t\t                                    <div class=\"name-line\">El Coll de la Ampolla - Soldeu - els tallals (Encamp) - pont Tibet\u00e0<\/div><!-- \/.name-line -->\t\t\t\t\t\t\t\t\t\t\t\t\t\t\t\t                                    <div class=\"price-line\">24.55\u20ac<\/div><!-- \/.price-line -->\t\t\t\t\t\t\t\t\t\t\t\t\t\t\t\t                                <\/li>\t\t\t\t\t\t\t\t\t\t\t\t\t\t\t\t\t\t\t\t\t\t\t\t\t\t\t\t\t\t\t\t<li>\t\t\t\t\t\t\t\t\t\t\t\t\t\t\t\t                                    <div class=\"name-line\">Vores d&#039;Envalira - Coll d&#039;Ordino - roc del Quer<\/div><!-- \/.name-line -->\t\t\t\t\t\t\t\t\t\t\t\t\t\t\t\t                                    <div class=\"price-line\">28.30\u20ac<\/div><!-- \/.price-line -->\t\t\t\t\t\t\t\t\t\t\t\t\t\t\t\t                                <\/li>\t\t\t\t\t\t\t\t\t\t\t\t\t\t\t\t\t\t\t\t\t\t\t\t\t\t\t\t\t\t\t\t<li>\t\t\t\t\t\t\t\t\t\t\t\t\t\t\t\t                                    <div class=\"name-line\">La Seu d&#039;Urgell - Us de Civis - Grau Roig - Arcal\u00eds - Camp de neu de la Rabassa<\/div><!-- \/.name-line -->\t\t\t\t\t\t\t\t\t\t\t\t\t\t\t\t                                    <div class=\"price-line\">31.45\u20ac<\/div><!-- \/.price-line -->\t\t\t\t\t\t\t\t\t\t\t\t\t\t\t\t                                <\/li>\t\t\t\t\t\t\t\t\t\t\t\t\t\t\t\t\t\t\t\t\t\t\t\t\t\t\t\t\t\t\t\t<li>\t\t\t\t\t\t\t\t\t\t\t\t\t\t\t\t                                    <div class=\"name-line\">El Pas de la Casa<\/div><!-- \/.name-line -->\t\t\t\t\t\t\t\t\t\t\t\t\t\t\t\t                                    <div class=\"price-line\">43.70\u20ac<\/div><!-- \/.price-line -->\t\t\t\t\t\t\t\t\t\t\t\t\t\t\t\t                                <\/li>\t\t\t\t\t\t\t\t                            <\/ul><!-- \/.features-list -->\n                            <div class=\"button-block\">\n                                <a href=\"https:\/\/wa.me\/376653030\" class=\"fare-btn\">Reserva ara<\/a>\n                            <\/div><!-- \/.button-block -->\n                        <\/div><!-- \/.single-taxi-fare-one -->\n                    <\/div><!-- \/.col-lg-6 -->\n\n\t\t\t\t\t\n                <\/div><!-- \/.row -->\n                <div class=\"block-text text-center\">\n                    <p>Les tarifes publicades en aquesta p\u00e0gina web s\u00f3n orientatives i poden variar a causa de diversos factors, com a condicions espec\u00edfiques del servei, horaris, dist\u00e0ncies addicionals o canvis en les pol\u00edtiques de preus. Per aquest motiu, recomanem que, en sol\u00b7licitar una reserva o un servei de taxi, consulteu pr\u00e8viament la tarifa vigent per al servei que necessiteu. Per obtenir informaci\u00f3 precisa i actualitzada sobre els preus, contacteu-nos a trav\u00e9s del nostre bot\u00f3 de WhatsApp o del formulari de reserves. Taxi Leandro es compromet a oferir-li sempre un servei de qualitat i transpar\u00e8ncia a cada trajecte.<\/p>\n                <\/div><!-- \/.block-text -->\n            <\/div><!-- \/.container -->\n        <\/section><!-- \/.taxi-fare-one -->\n                   \n                \n\t\t\t\t\t\t<\/div>\n\t\t\t\t<\/div>\n\t\t\t\t\t<\/div>\n\t\t<\/div>\n\t\t\t\t\t<\/div>\n\t\t<\/section>\n\t\t<div class=\"elementor-element elementor-element-3745009 e-flex e-con-boxed e-con e-parent\" data-id=\"3745009\" data-element_type=\"container\">\n\t\t\t\t\t<div class=\"e-con-inner\">\n\t\t<div class=\"elementor-element elementor-element-6b4092f e-con-full e-flex e-con e-child\" data-id=\"6b4092f\" data-element_type=\"container\">\n\t\t\t\t<div class=\"elementor-element elementor-element-fa208da elementor-widget elementor-widget-image\" data-id=\"fa208da\" data-element_type=\"widget\" data-widget_type=\"image.default\">\n\t\t\t\t<div class=\"elementor-widget-container\">\n\t\t\t\t\t\t\t\t\t\t\t\t\t\t\t<img fetchpriority=\"high\" decoding=\"async\" width=\"525\" height=\"525\" src=\"https:\/\/andorrataxileandro.com\/wp-content\/uploads\/2025\/04\/Parking-card-for-people-with-disabilitie.png\" class=\"attachment-large size-large wp-image-2600\" alt=\"\" srcset=\"https:\/\/andorrataxileandro.com\/wp-content\/uploads\/2025\/04\/Parking-card-for-people-with-disabilitie.png 1024w, https:\/\/andorrataxileandro.com\/wp-content\/uploads\/2025\/04\/Parking-card-for-people-with-disabilitie-300x300.png 300w, https:\/\/andorrataxileandro.com\/wp-content\/uploads\/2025\/04\/Parking-card-for-people-with-disabilitie-150x150.png 150w, https:\/\/andorrataxileandro.com\/wp-content\/uploads\/2025\/04\/Parking-card-for-people-with-disabilitie-768x768.png 768w, https:\/\/andorrataxileandro.com\/wp-content\/uploads\/2025\/04\/Parking-card-for-people-with-disabilitie-12x12.png 12w, https:\/\/andorrataxileandro.com\/wp-content\/uploads\/2025\/04\/Parking-card-for-people-with-disabilitie-80x80.png 80w, https:\/\/andorrataxileandro.com\/wp-content\/uploads\/2025\/04\/Parking-card-for-people-with-disabilitie-24x24.png 24w, https:\/\/andorrataxileandro.com\/wp-content\/uploads\/2025\/04\/Parking-card-for-people-with-disabilitie-36x36.png 36w, https:\/\/andorrataxileandro.com\/wp-content\/uploads\/2025\/04\/Parking-card-for-people-with-disabilitie-48x48.png 48w\" sizes=\"(max-width: 525px) 100vw, 525px\" \/>\t\t\t\t\t\t\t\t\t\t\t\t\t\t\t<\/div>\n\t\t\t\t<\/div>\n\t\t\t\t<\/div>\n\t\t<div class=\"elementor-element elementor-element-7f07b71 e-con-full e-flex e-con e-child\" data-id=\"7f07b71\" data-element_type=\"container\">\n\t\t<div class=\"elementor-element elementor-element-234a3f6 e-con-full e-flex e-con e-child\" data-id=\"234a3f6\" data-element_type=\"container\">\n\t\t\t\t<div class=\"elementor-element elementor-element-be9968c elementor-widget elementor-widget-heading\" data-id=\"be9968c\" data-element_type=\"widget\" data-widget_type=\"heading.default\">\n\t\t\t\t<div class=\"elementor-widget-container\">\n\t\t\t\t\t<h2 class=\"elementor-heading-title elementor-size-default\">Targeta d'estacionament per a persones amb discapacitat<\/h2>\t\t\t\t<\/div>\n\t\t\t\t<\/div>\n\t\t\t\t<div class=\"elementor-element elementor-element-64e234b elementor-widget elementor-widget-text-editor\" data-id=\"64e234b\" data-element_type=\"widget\" data-widget_type=\"text-editor.default\">\n\t\t\t\t<div class=\"elementor-widget-container\">\n\t\t\t\t\t\t\t\t\t<p>V\u00e0lid fins al: 28\/02\/2030<br \/>N\u00fam.: 2025-0958-244458N<\/p>\t\t\t\t\t\t\t\t<\/div>\n\t\t\t\t<\/div>\n\t\t\t\t<\/div>\n\t\t\t\t<\/div>\n\t\t\t\t\t<\/div>\n\t\t\t\t<\/div>\n\t\t\t\t<\/div>","protected":false},"excerpt":{"rendered":"<p>Contacto Taxi Leandro | Servicio R\u00e1pido en Andorra 24\/7 Contacto | Reserva Tu Taxi en Andorra con Taxi Leandro \u00bfTiene alguna consulta o desea reservar su taxi en Andorra? Estamos disponibles las 24 horas del d\u00eda para ayudarle con todas sus necesidades de transporte. Puede contactarnos de manera f\u00e1cil y r\u00e1pida a trav\u00e9s de WhatsApp [&hellip;]<\/p>","protected":false},"author":1,"featured_media":0,"parent":0,"menu_order":0,"comment_status":"closed","ping_status":"closed","template":"tpl-default-elementor.php","meta":{"_joinchat":[],"footnotes":""},"class_list":["post-2224","page","type-page","status-publish","hentry"],"yoast_head":"<!-- This site is optimized with the Yoast SEO plugin v26.7 - https:\/\/yoast.com\/wordpress\/plugins\/seo\/ -->\n<title>Contacto Taxi en Andorra 24\/7 | Taxi Leandro<\/title>\n<meta name=\"description\" content=\"Contacte con Taxi Leandro, su taxi en Andorra disponible 24\/7. Ll\u00e1menos al +376 653 030 o escriba por WhatsApp para reservas r\u00e1pidas.\" \/>\n<meta name=\"robots\" content=\"index, follow, max-snippet:-1, max-image-preview:large, max-video-preview:-1\" \/>\n<link rel=\"canonical\" href=\"https:\/\/andorrataxileandro.com\/ca\/contacto-taxi-leandro\/\" \/>\n<meta property=\"og:locale\" content=\"ca_ES\" \/>\n<meta property=\"og:type\" content=\"article\" \/>\n<meta property=\"og:title\" content=\"Contacto | Taxi en Andorra 24\/7 | Taxi Leandro\" \/>\n<meta property=\"og:description\" content=\"Contacte con Taxi Leandro, su taxi en Andorra disponible 24\/7. Ll\u00e1menos al +376 653 030 o escriba por WhatsApp para reservas r\u00e1pidas.\" \/>\n<meta property=\"og:url\" content=\"https:\/\/andorrataxileandro.com\/ca\/contacto-taxi-leandro\/\" \/>\n<meta property=\"og:site_name\" content=\"Taxi Leandro\" \/>\n<meta property=\"article:modified_time\" content=\"2026-01-22T07:54:43+00:00\" \/>\n<meta property=\"og:image\" content=\"https:\/\/old3.commonsupport.com\/wp\/conexi\/wp-content\/uploads\/2020\/04\/feature-bg-1-1.png\" \/>\n<meta name=\"twitter:card\" content=\"summary_large_image\" \/>\n<meta name=\"twitter:title\" content=\"Contacto | Taxi en Andorra 24\/7 | Taxi Leandro\" \/>\n<meta name=\"twitter:description\" content=\"Contacte con Taxi Leandro, su taxi en Andorra disponible 24\/7. Ll\u00e1menos al +376 653 030 o escriba por WhatsApp para reservas r\u00e1pidas.\" \/>\n<meta name=\"twitter:label1\" content=\"Temps estimat de lectura\" \/>\n\t<meta name=\"twitter:data1\" content=\"4 minuts\" \/>\n<script type=\"application\/ld+json\" class=\"yoast-schema-graph\">{\"@context\":\"https:\/\/schema.org\",\"@graph\":[{\"@type\":\"WebPage\",\"@id\":\"https:\/\/andorrataxileandro.com\/contacto-taxi-leandro\/\",\"url\":\"https:\/\/andorrataxileandro.com\/contacto-taxi-leandro\/\",\"name\":\"Contacto Taxi en Andorra 24\/7 | Taxi Leandro\",\"isPartOf\":{\"@id\":\"https:\/\/andorrataxileandro.com\/#website\"},\"primaryImageOfPage\":{\"@id\":\"https:\/\/andorrataxileandro.com\/contacto-taxi-leandro\/#primaryimage\"},\"image\":{\"@id\":\"https:\/\/andorrataxileandro.com\/contacto-taxi-leandro\/#primaryimage\"},\"thumbnailUrl\":\"https:\/\/old3.commonsupport.com\/wp\/conexi\/wp-content\/uploads\/2020\/04\/feature-bg-1-1.png\",\"datePublished\":\"2025-01-03T14:09:28+00:00\",\"dateModified\":\"2026-01-22T07:54:43+00:00\",\"description\":\"Contacte con Taxi Leandro, su taxi en Andorra disponible 24\/7. Ll\u00e1menos al +376 653 030 o escriba por WhatsApp para reservas r\u00e1pidas.\",\"breadcrumb\":{\"@id\":\"https:\/\/andorrataxileandro.com\/contacto-taxi-leandro\/#breadcrumb\"},\"inLanguage\":\"ca\",\"potentialAction\":[{\"@type\":\"ReadAction\",\"target\":[\"https:\/\/andorrataxileandro.com\/contacto-taxi-leandro\/\"]}]},{\"@type\":\"ImageObject\",\"inLanguage\":\"ca\",\"@id\":\"https:\/\/andorrataxileandro.com\/contacto-taxi-leandro\/#primaryimage\",\"url\":\"https:\/\/old3.commonsupport.com\/wp\/conexi\/wp-content\/uploads\/2020\/04\/feature-bg-1-1.png\",\"contentUrl\":\"https:\/\/old3.commonsupport.com\/wp\/conexi\/wp-content\/uploads\/2020\/04\/feature-bg-1-1.png\"},{\"@type\":\"BreadcrumbList\",\"@id\":\"https:\/\/andorrataxileandro.com\/contacto-taxi-leandro\/#breadcrumb\",\"itemListElement\":[{\"@type\":\"ListItem\",\"position\":1,\"name\":\"Portada\",\"item\":\"https:\/\/andorrataxileandro.com\/\"},{\"@type\":\"ListItem\",\"position\":2,\"name\":\"Contacto\"}]},{\"@type\":\"WebSite\",\"@id\":\"https:\/\/andorrataxileandro.com\/#website\",\"url\":\"https:\/\/andorrataxileandro.com\/\",\"name\":\"Taxi Leandro\",\"description\":\"Taxi en Andorra servicio r\u00e1pido y confiable\",\"potentialAction\":[{\"@type\":\"SearchAction\",\"target\":{\"@type\":\"EntryPoint\",\"urlTemplate\":\"https:\/\/andorrataxileandro.com\/?s={search_term_string}\"},\"query-input\":{\"@type\":\"PropertyValueSpecification\",\"valueRequired\":true,\"valueName\":\"search_term_string\"}}],\"inLanguage\":\"ca\"}]}<\/script>\n<!-- \/ Yoast SEO plugin. -->","yoast_head_json":{"title":"Contacte Taxi a Andorra 24\/7 | Taxi Leandro","description":"Contacti amb Taxi Leandro, el seu taxi a Andorra disponible 24\/7. Truqui&#039;ns al +376 653 030 o escrigui per WhatsApp per a reserves r\u00e0pides.","robots":{"index":"index","follow":"follow","max-snippet":"max-snippet:-1","max-image-preview":"max-image-preview:large","max-video-preview":"max-video-preview:-1"},"canonical":"https:\/\/andorrataxileandro.com\/ca\/contacto-taxi-leandro\/","og_locale":"ca_ES","og_type":"article","og_title":"Contacto | Taxi en Andorra 24\/7 | Taxi Leandro","og_description":"Contacte con Taxi Leandro, su taxi en Andorra disponible 24\/7. Ll\u00e1menos al +376 653 030 o escriba por WhatsApp para reservas r\u00e1pidas.","og_url":"https:\/\/andorrataxileandro.com\/ca\/contacto-taxi-leandro\/","og_site_name":"Taxi Leandro","article_modified_time":"2026-01-22T07:54:43+00:00","og_image":[{"url":"https:\/\/old3.commonsupport.com\/wp\/conexi\/wp-content\/uploads\/2020\/04\/feature-bg-1-1.png","type":"","width":"","height":""}],"twitter_card":"summary_large_image","twitter_title":"Contacto | Taxi en Andorra 24\/7 | Taxi Leandro","twitter_description":"Contacte con Taxi Leandro, su taxi en Andorra disponible 24\/7. Ll\u00e1menos al +376 653 030 o escriba por WhatsApp para reservas r\u00e1pidas.","twitter_misc":{"Temps estimat de lectura":"4 minuts"},"schema":{"@context":"https:\/\/schema.org","@graph":[{"@type":"WebPage","@id":"https:\/\/andorrataxileandro.com\/contacto-taxi-leandro\/","url":"https:\/\/andorrataxileandro.com\/contacto-taxi-leandro\/","name":"Contacte Taxi a Andorra 24\/7 | Taxi Leandro","isPartOf":{"@id":"https:\/\/andorrataxileandro.com\/#website"},"primaryImageOfPage":{"@id":"https:\/\/andorrataxileandro.com\/contacto-taxi-leandro\/#primaryimage"},"image":{"@id":"https:\/\/andorrataxileandro.com\/contacto-taxi-leandro\/#primaryimage"},"thumbnailUrl":"https:\/\/old3.commonsupport.com\/wp\/conexi\/wp-content\/uploads\/2020\/04\/feature-bg-1-1.png","datePublished":"2025-01-03T14:09:28+00:00","dateModified":"2026-01-22T07:54:43+00:00","description":"Contacti amb Taxi Leandro, el seu taxi a Andorra disponible 24\/7. Truqui&#039;ns al +376 653 030 o escrigui per WhatsApp per a reserves r\u00e0pides.","breadcrumb":{"@id":"https:\/\/andorrataxileandro.com\/contacto-taxi-leandro\/#breadcrumb"},"inLanguage":"ca","potentialAction":[{"@type":"ReadAction","target":["https:\/\/andorrataxileandro.com\/contacto-taxi-leandro\/"]}]},{"@type":"ImageObject","inLanguage":"ca","@id":"https:\/\/andorrataxileandro.com\/contacto-taxi-leandro\/#primaryimage","url":"https:\/\/old3.commonsupport.com\/wp\/conexi\/wp-content\/uploads\/2020\/04\/feature-bg-1-1.png","contentUrl":"https:\/\/old3.commonsupport.com\/wp\/conexi\/wp-content\/uploads\/2020\/04\/feature-bg-1-1.png"},{"@type":"BreadcrumbList","@id":"https:\/\/andorrataxileandro.com\/contacto-taxi-leandro\/#breadcrumb","itemListElement":[{"@type":"ListItem","position":1,"name":"Portada","item":"https:\/\/andorrataxileandro.com\/"},{"@type":"ListItem","position":2,"name":"Contacto"}]},{"@type":"WebSite","@id":"https:\/\/andorrataxileandro.com\/#website","url":"https:\/\/andorrataxileandro.com\/","name":"Taxi Leandro","description":"Taxi a Andorra servei r\u00e0pid i fiable","potentialAction":[{"@type":"SearchAction","target":{"@type":"EntryPoint","urlTemplate":"https:\/\/andorrataxileandro.com\/?s={search_term_string}"},"query-input":{"@type":"PropertyValueSpecification","valueRequired":true,"valueName":"search_term_string"}}],"inLanguage":"ca"}]}},"_links":{"self":[{"href":"https:\/\/andorrataxileandro.com\/ca\/wp-json\/wp\/v2\/pages\/2224","targetHints":{"allow":["GET"]}}],"collection":[{"href":"https:\/\/andorrataxileandro.com\/ca\/wp-json\/wp\/v2\/pages"}],"about":[{"href":"https:\/\/andorrataxileandro.com\/ca\/wp-json\/wp\/v2\/types\/page"}],"author":[{"embeddable":true,"href":"https:\/\/andorrataxileandro.com\/ca\/wp-json\/wp\/v2\/users\/1"}],"replies":[{"embeddable":true,"href":"https:\/\/andorrataxileandro.com\/ca\/wp-json\/wp\/v2\/comments?post=2224"}],"version-history":[{"count":70,"href":"https:\/\/andorrataxileandro.com\/ca\/wp-json\/wp\/v2\/pages\/2224\/revisions"}],"predecessor-version":[{"id":2665,"href":"https:\/\/andorrataxileandro.com\/ca\/wp-json\/wp\/v2\/pages\/2224\/revisions\/2665"}],"wp:attachment":[{"href":"https:\/\/andorrataxileandro.com\/ca\/wp-json\/wp\/v2\/media?parent=2224"}],"curies":[{"name":"wp","href":"https:\/\/api.w.org\/{rel}","templated":true}]}}